{"id":1651,"date":"2020-03-01T18:56:34","date_gmt":"2020-03-01T16:56:34","guid":{"rendered":"https:\/\/kalihost.ro\/?page_id=1651"},"modified":"2020-04-05T16:25:24","modified_gmt":"2020-04-05T14:25:24","slug":"atractiile-turistice","status":"publish","type":"page","link":"https:\/\/kalihost.ro\/?page_id=1651&lang=ro","title":{"rendered":"Atrac\u021biile turistice"},"content":{"rendered":"<p>[vc_row][vc_column][stm_spacer height=&#8221;40&#8243; height_tablet=&#8221;30&#8243; height_mobile=&#8221;20&#8243;][\/vc_column][\/vc_row][vc_row equal_height=&#8221;yes&#8221; content_placement=&#8221;top&#8221; shadow_x_offset=&#8221;0&#8243; shadow_y_offset=&#8221;0&#8243; shadow_blur=&#8221;0&#8243; shadow_spread=&#8221;0&#8243;][vc_column width=&#8221;1\/3&#8243;][vc_custom_heading text=&#8221;T\u00e2rgu Mure\u0219&#8221; font_container=&#8221;tag:h2|font_size:40px|text_align:center|line_height:47px&#8221; use_theme_fonts=&#8221;yes&#8221;][\/vc_column][vc_column width=&#8221;2\/3&#8243;][vc_column_text]Ora\u0219ul T\u00e2rgu Mure\u0219 se afl\u0103 \u00een centrul Transilvaniei istorice, pe ambele maluri ale cursului superior al r\u00e2ului Mure\u0219. Situat \u00een zona central-nordic\u0103 a Rom\u00e2niei, ora\u0219ul are ca delimitare geografic\u0103 r\u00e2ul Mure\u0219 \u0219i dealul Corne\u0219ti.<\/p>\n<p>\u00cen prima men\u021bionare cunoscut\u0103 a ora\u0219ului, din anul 1230, acesta este consemnat cu numele de Asserculis \u00een lucrarea Curiesiera et Selectiera Variarum Scienetiomm Miscellanea a iezuitul Szentiv\u00e1ny M\u00e1rton din Nagyszombat, Ungaria, men\u021bion\u00e2nd de asemenea faptul c\u0103 \u00een acesta existau doi administratori (&#8230; in Asserculis, hoc est&#8221;). \u00cen latin\u0103 \u201easerculis\u201d \u00eenseamn\u0103 &#8222;din sc\u00e2ndur\u0103&#8221;, deci o localitate unde existau construc\u021bii realizate din material lemnos.[\/vc_column_text][\/vc_column][\/vc_row][vc_row][vc_column][stm_spacer height=&#8221;80&#8243; height_tablet=&#8221;50&#8243; height_mobile=&#8221;30&#8243;][\/vc_column][\/vc_row][vc_row][vc_column width=&#8221;1\/3&#8243;][vc_single_image image=&#8221;1562&#8243; img_size=&#8221;370&#215;450&#8243; alignment=&#8221;center&#8221; onclick=&#8221;link_image&#8221; css_animation=&#8221;none&#8221;][stm_spacer height=&#8221;30&#8243; height_tablet=&#8221;20&#8243; height_mobile=&#8221;10&#8243;][\/vc_column][vc_column width=&#8221;1\/3&#8243;][vc_single_image image=&#8221;1563&#8243; img_size=&#8221;370&#215;450&#8243; alignment=&#8221;center&#8221; onclick=&#8221;link_image&#8221;][stm_spacer height=&#8221;30&#8243; height_tablet=&#8221;20&#8243; height_mobile=&#8221;10&#8243;][\/vc_column][vc_column width=&#8221;1\/3&#8243;][vc_single_image image=&#8221;1564&#8243; img_size=&#8221;370&#215;450&#8243; alignment=&#8221;center&#8221; onclick=&#8221;link_image&#8221;][stm_spacer height=&#8221;30&#8243; height_tablet=&#8221;20&#8243; height_mobile=&#8221;10&#8243;][\/vc_column][\/vc_row][vc_row][vc_column][stm_spacer height=&#8221;20&#8243; height_tablet=&#8221;20&#8243; height_mobile=&#8221;10&#8243;][\/vc_column][\/vc_row][vc_row shadow_x_offset=&#8221;0&#8243; shadow_y_offset=&#8221;0&#8243; shadow_blur=&#8221;0&#8243; shadow_spread=&#8221;0&#8243;][vc_column width=&#8221;2\/3&#8243;][vc_tta_accordion c_icon=&#8221;chevron&#8221; c_position=&#8221;right&#8221; active_section=&#8221;1&#8243;][vc_tta_section title=&#8221;Palatul Culturii&#8221; tab_id=&#8221;1538132636712-264a5877-6fed&#8221;][vc_column_text]Palatul Culturii din T\u00e2rgu Mure\u0219 (\u00een maghiar\u0103 Kult\u00farpalota) este una din cele mai reprezentative cl\u0103diri ale Belle \u00c9poque din Transilvania. Monumentul, ridicat \u00eentre anii 1911-1913 prin eforturile primarului Gy\u00f6rgy Bern\u00e1dy, se impune at\u00e2t prin decora\u021bia interioar\u0103, c\u00e2t \u0219i prin cea exterioar\u0103.<\/p>\n<p>La exterior palatul este \u00eempodobit cu mozaicuri \u0219i basoreliefuri \u00een bronz \u0219i piatr\u0103, fresce \u0219i vitralii, toate specifice stilului Secession, ca variant\u0103 a Art Nouveau. \u00cen interior, \u00een Sala oglinzilor, exist\u0103 dou\u0103 grupuri a c\u00e2te trei oglinzi mari de cristal \u0219i 12 vitralii viu colorate, care ocup\u0103 \u00eentreg peretele dinspre strad\u0103. Vitraliile au fost propuse s\u0103 reprezinte Europa la expozi\u021bia de art\u0103 decorativ\u0103 de la San Francisco din 1914, dar din cauza izbucnirii primului r\u0103zboi mondial doar schi\u021bele acestora, care au fost \u0219i premiate, au fost trimise la expozi\u021bie. \u00cen timpul celui de-al doilea r\u0103zboi mondial vitraliile au fost depozitate \u00een subsolul cl\u0103dirii pentru a fi ocrotite.[\/vc_column_text][\/vc_tta_section][vc_tta_section title=&#8221;Catedrala ortodox\u0103 \u00cen\u0103l\u021barea Domnului&#8221; tab_id=&#8221;1538132636518-c530006e-2eda&#8221;][vc_column_text]Catedrala ortodox\u0103 \u00cen\u0103l\u021barea Domnului este cel mai mare edificiu religios din T\u00e2rgu Mure\u0219, catedrala are hramul \u201e\u00cen\u0103l\u021barea Domnului\u201d. Catedrala a fost construit\u0103 \u00een centrul ora\u0219ului (\u00een prezent Pia\u021ba Trandafirilor) \u00eentre anii 1925 &#8211; 1934 la ini\u021biativa protopopului \u0218tefan Rusu, \u00een locul celebrei f\u00e2nt\u00e2nii c\u00e2nt\u0103toare a lui Bodor P\u00e9ter.[\/vc_column_text][\/vc_tta_section][vc_tta_section title=&#8221;Biblioteca Teleki-Bolyai&#8221; tab_id=&#8221;1538132622962-d4599275-36ec&#8221;][vc_column_text]Biblioteca Teleki-Bolyai, a fost construit\u0103 \u00eentre anii 1799-1804, sub \u00eendrumarea direct\u0103 a contelui S\u00e1muel Teleki, fondatorul bibliotecii. Fondul de baz\u0103 al bibliotecii \u00eel constituie cele 40.000 de volume, printre care 66 de incunabule \u0219i o mul\u021bime de opere \u0219i edi\u021bii rare din colec\u021bia personal\u0103 a contelui.<\/p>\n<p>Fondul \u201eTeleki-Bolyai\u201d a rezultat din asocierea celor dou\u0103 mari colec\u021bii distincte Teleki, cu un num\u0103r de 40.000 de volume \u0219i Bolyai, cu 80.000 de volume. Acestora li s-au ad\u0103ugat de-a lungul timpului alte fonduri de carte \u0219i documente provenite din mai multe biblioteci tradi\u021bionale din Transilvania. Colec\u021bia \u201eTeleki&#8221; cuprinde, printre altele, cele 33 de volume ale Enciclopediei lui Diderot \u0219i D&#8217;Alambert, lexicoane contemporane \u0219i publica\u021bii ale unor academii \u0219i societ\u0103\u021bi \u0219tiin\u021bifice din Europa.[\/vc_column_text][\/vc_tta_section][vc_tta_section title=&#8221;Cetate medieval\u0103&#8221; tab_id=&#8221;1538129643112-19237441-374a&#8221;][vc_column_text]Cetatea medieval\u0103 se afl\u0103 \u00een centrul municipiului T\u00e2rgu Mure\u0219. Ansamblul cet\u0103\u021bii se dateaz\u0103 din secolul al XV-lea cu o suprafa\u021b\u0103 de 4,3 ha sub form\u0103 de incint\u0103 fortificat\u0103 cu 7 bastioane unite prin ziduri. \u00cen interiorul fortifica\u021biei se g\u0103se\u0219te Biserica Reformat\u0103 din Cetate \u0219i Muzeul de Istorie \u0219i Arheologie.<\/p>\n<p>Cetatea actual\u0103 a fost construit\u0103 pe locul unei alte fortifica\u021bii ridicate \u00een secolul XV (1492) \u0219i care a apar\u021binut voievodului Transilvaniei, B\u00e1thori Istv\u00e1n. Aceasta prim\u0103 cetate a fost distrus\u0103 \u00een 1601, \u00een timpul lui Mihai Viteazul, \u00een urma invaziei condus\u0103 de Giorgio Basta.<\/p>\n<p>\u00centre anii 1602 \u0219i 1652 s-a construit actuala cetate, de form\u0103 pentagonal\u0103, av\u00e2nd 5 din cele 7 bastioane construite de breslele muncitore\u0219ti ce au utilizat ca materiale de construc\u021bie piatra de r\u00e2u \u0219i c\u0103r\u0103mida.<\/p>\n<p>\u00cen anul 2011 a fost \u00eenceput\u0103 o ampl\u0103 lucr\u0103rare de reabilitare finan\u021bat\u0103 de Uniunea European\u0103, prin care s-a urm\u0103rit valorificarea cet\u0103\u021bii prin: restaurarea componentelor artistice (picturi, stucaturi, fresce, elemente decorative exterioare, t\u00e2mpl\u0103rii) \u0219i remodelarea plasticii fa\u021badelor-zidurile exterioare \u0219i interne, amenajarea c\u0103ilor de acces pietonale, amenaj\u0103ri peisagistice \u0219i parc arheologic pentru eviden\u021bierea obiectivului reabilitat.[\/vc_column_text][\/vc_tta_section][vc_tta_section title=&#8221;Platoul Corne\u0219ti \u0219i Zoo&#8221; tab_id=&#8221;1538129642517-40860cd0-aae9&#8243;][vc_column_text]Situat la cea mai \u00eenalt\u0103 cot\u0103 a ora\u0219ului, Platoul deschide o larg\u0103 panoram\u0103 asupra ora\u0219ului \u0219i v\u0103ii r\u00e2ului Mure\u0219. Principalul punct de atrac\u021bie de aici \u00eel constituie Gr\u0103dina Zoologic\u0103, \u00eemp\u0103r\u021bit\u0103 \u00een cinci sectoare: primate, casa tropical\u0103, carnivore, ierbivore \u0219i p\u0103s\u0103ri.[\/vc_column_text][\/vc_tta_section][\/vc_tta_accordion][\/vc_column][vc_column width=&#8221;1\/3&#8243; shadow_x_offset=&#8221;0&#8243; shadow_y_offset=&#8221;0&#8243; shadow_blur=&#8221;0&#8243; shadow_spread=&#8221;0&#8243; shadow_color=&#8221;&#8221;][vc_row_inner css=&#8221;.vc_custom_1583003629870{margin-right: 0px !important;margin-left: 0px !important;background-image: url(https:\/\/kalihost.ro\/wp-content\/uploads\/2020\/02\/500pxdownload.com-111058125.jpg?id=1565) !important;background-position: center !important;background-repeat: no-repeat !important;background-size: cover !important;}&#8221;][vc_column_inner][stm_spacer height=&#8221;84&#8243; height_tablet=&#8221;60&#8243; height_mobile=&#8221;40&#8243;][stm_icon icon_color=&#8221;custom&#8221; icon_align=&#8221;center&#8221; height=&#8221;80&#8243; icon=&#8221;stmicon-maps-and-flags&#8221; icon_custom_color=&#8221;#ffffff&#8221;][stm_spacer height=&#8221;20&#8243; height_tablet=&#8221;20&#8243; height_mobile=&#8221;10&#8243;][vc_custom_heading text=&#8221;T\u00e2rgu Mure\u0219&#8221; font_container=&#8221;tag:h3|text_align:center|color:%23ffffff&#8221; use_theme_fonts=&#8221;yes&#8221;][stm_spacer height=&#8221;10&#8243; height_tablet=&#8221;10&#8243; height_mobile=&#8221;10&#8243;][vc_column_text css=&#8221;.vc_custom_1585735363236{padding-right: 10% !important;padding-left: 10% !important;}&#8221;]<\/p>\n<p style=\"text-align: center;\"><span style=\"color: #ffffff;\">Rezerva\u021bi cazarea la noi, astfel, datorit\u0103 loca\u021biei centrale, o s\u0103 accesa\u021bi u\u0219or atrac\u021biile ora\u0219ului<\/span><\/p>\n<p>[\/vc_column_text][stm_spacer height=&#8221;70&#8243; height_tablet=&#8221;60&#8243; height_mobile=&#8221;40&#8243;][\/vc_column_inner][\/vc_row_inner][\/vc_column][\/vc_row][vc_row][vc_column][stm_spacer height=&#8221;70&#8243; height_tablet=&#8221;50&#8243; height_mobile=&#8221;30&#8243;][\/vc_column][\/vc_row][vc_row full_width=&#8221;stretch_row&#8221; stm_parallax=&#8221;enable&#8221; shadow_x_offset=&#8221;0&#8243; shadow_y_offset=&#8221;0&#8243; shadow_blur=&#8221;0&#8243; shadow_spread=&#8221;0&#8243; shadow_color=&#8221;&#8221; css=&#8221;.vc_custom_1583004170361{margin-bottom: -60px !important;background-image: url(https:\/\/kalihost.ro\/wp-content\/uploads\/2020\/02\/500pxdownload.com-104866151.jpg?id=1567) !important;}&#8221; stm_transparent_bg=&#8221;rgba(17,17,17,0.5)&#8221;][vc_column css_animation=&#8221;none&#8221; shadow_x_offset=&#8221;0&#8243; shadow_y_offset=&#8221;0&#8243; shadow_blur=&#8221;0&#8243; shadow_spread=&#8221;0&#8243; shadow_color=&#8221;&#8221; offset=&#8221;vc_col-lg-offset-2 vc_col-lg-8 vc_col-md-offset-2 vc_col-md-8 vc_col-xs-12&#8243;][stm_spacer height=&#8221;180&#8243; height_tablet=&#8221;120&#8243; height_mobile=&#8221;70&#8243;][vc_custom_heading text=&#8221;REZERVAREA \u00ceN TIMP&#8221; font_container=&#8221;tag:h3|font_size:60|text_align:center|color:%23ffffff|line_height:80px&#8221; use_theme_fonts=&#8221;yes&#8221; css=&#8221;.vc_custom_1585741474269{margin-bottom: 30px !important;}&#8221;][vc_column_text css=&#8221;.vc_custom_1585741504420{margin-bottom: 40px !important;}&#8221;]<\/p>\n<p style=\"text-align: center; font-size: 18px; line-height: 30px; font-weight: normal;\"><span style=\"color: #ffffff;\">Rezerva\u021bi cu cel pu\u021bin 3 luni dinainte \u0219i beneficia\u021bi de 15% reducere<br \/>\nla rezervarea apartamentelor noastre<\/span>[\/vc_column_text][stm_button button_pos=&#8221;center&#8221; button_border_color_hover=&#8221;#b55b02&#8243; button_bg_color_hover=&#8221;rgba(0,0,0,0.01)&#8221; link=&#8221;url:https%3A%2F%2Fkalihost.ro%2Fro%2Fapartamente%2F|title:Apartamente||&#8221;][stm_spacer height=&#8221;160&#8243; height_tablet=&#8221;130&#8243; height_mobile=&#8221;70&#8243;][\/vc_column][\/vc_row]<\/p>\n","protected":false},"excerpt":{"rendered":"<p>[vc_row][vc_column][stm_spacer height=&#8221;40&#8243; height_tablet=&#8221;30&#8243; height_mobile=&#8221;20&#8243;][\/vc_column][\/vc_row][vc_row equal_height=&#8221;yes&#8221; content_placement=&#8221;top&#8221; shadow_x_offset=&#8221;0&#8243; shadow_y_offset=&#8221;0&#8243; shadow_blur=&#8221;0&#8243; shadow_spread=&#8221;0&#8243;][vc_column width=&#8221;1\/3&#8243;][vc_custom_heading text=&#8221;T\u00e2rgu Mure\u0219&#8221; font_container=&#8221;tag:h2|font_size:40px|text_align:center|line_height:47px&#8221; use_theme_fonts=&#8221;yes&#8221;][\/vc_column][vc_column width=&#8221;2\/3&#8243;][vc_column_text]Ora\u0219ul T\u00e2rgu Mure\u0219 se afl\u0103 \u00een centrul Transilvaniei istorice, pe ambele maluri ale cursului superior al r\u00e2ului Mure\u0219. Situat \u00een zona central-nordic\u0103 a Rom\u00e2niei, ora\u0219ul are ca delimitare geografic\u0103 r\u00e2ul Mure\u0219 \u0219i dealul Corne\u0219ti. \u00cen prima men\u021bionare cunoscut\u0103 a ora\u0219ului, [&hellip;]<\/p>\n","protected":false},"author":1,"featured_media":0,"parent":0,"menu_order":0,"comment_status":"closed","ping_status":"closed","template":"","meta":{"spay_email":"","footnotes":""},"class_list":["post-1651","page","type-page","status-publish","hentry"],"_links":{"self":[{"href":"https:\/\/kalihost.ro\/index.php?rest_route=\/wp\/v2\/pages\/1651","targetHints":{"allow":["GET"]}}],"collection":[{"href":"https:\/\/kalihost.ro\/index.php?rest_route=\/wp\/v2\/pages"}],"about":[{"href":"https:\/\/kalihost.ro\/index.php?rest_route=\/wp\/v2\/types\/page"}],"author":[{"embeddable":true,"href":"https:\/\/kalihost.ro\/index.php?rest_route=\/wp\/v2\/users\/1"}],"replies":[{"embeddable":true,"href":"https:\/\/kalihost.ro\/index.php?rest_route=%2Fwp%2Fv2%2Fcomments&post=1651"}],"version-history":[{"count":0,"href":"https:\/\/kalihost.ro\/index.php?rest_route=\/wp\/v2\/pages\/1651\/revisions"}],"wp:attachment":[{"href":"https:\/\/kalihost.ro\/index.php?rest_route=%2Fwp%2Fv2%2Fmedia&parent=1651"}],"curies":[{"name":"wp","href":"https:\/\/api.w.org\/{rel}","templated":true}]}}